{"id":2746,"date":"2017-10-22T11:51:36","date_gmt":"2017-10-22T09:51:36","guid":{"rendered":"http:\/\/www.dumstepankanetolickeho.cz\/oteviraci-doba\/"},"modified":"2022-11-25T14:27:54","modified_gmt":"2022-11-25T13:27:54","slug":"oeffnungszeiten","status":"publish","type":"page","link":"https:\/\/www.dumstepankanetolickeho.cz\/de\/oeffnungszeiten\/","title":{"rendered":"\u00d6ffnungszeiten"},"content":{"rendered":"<p>[vc_row][vc_column][vc_column_text]<strong>\u00d6ffnungszeiten im \u0160t\u011bp\u00e1nek-Netolick\u00fd-Haus<\/strong><br \/>\nNovember \u2013 M\u00e4rz, Mittwoch bis Sonntag 10:00 bis 12:00 und 13:00 bis 16:00 Uhr<br \/>\nApril und Oktober, Mittwoch bis Sonntag 10:00 bis 12:00 und 13:00 bis 17:00 Uhr<br \/>\nMai und September, Montag bis Samstag 10:00 bis 12:00 Uhr und 13:00 bis 17:00 Uhr<br \/>\nJuni &#8211; August, Montag bis Samstag 10:00 bis 17:00 Uhr<\/p>\n<p><strong>Eintritt<\/strong><br \/>\nErwachsene \u2013 70 CZK<br \/>\nKinder, Studenten, Senioren und Schwergesch\u00e4digte mit Ausweis \u2013 40 CZK<br \/>\nEintritt f\u00fcr Familien (2 Erwachsene + 1-3 Kinder) \u2013 180 CZK<br \/>\nSchulkindergruppe \u2013 25 CZK<br \/>\nKinder bis 6 Jahre, p\u00e4dagogische Aufsicht der Gruppe, Begleitperson f\u00fcr Schwergesch\u00e4digte mit Ausweis \u2013 gratis<\/p>\n<p><strong>Erm\u00e4\u00dfigtes Sammelticket ins \u0160t\u011bp\u00e1nek-Netolick\u00fd-Haus und ins Haus der Natur der Region T\u0159ebo\u0148sko<\/strong><br \/>\nErwachsene \u2013 90 CZK<br \/>\nKinder, Studenten, Senioren und Schwergesch\u00e4digte mit Ausweis \u2013 50 CZK<br \/>\nEintritt f\u00fcr Familien (2 Erwachsene + 1-3 Kinder) \u2013 230 CZK<br \/>\nSchulkindergruppe \u2013 40 CZK<br \/>\nKinder bis 6 Jahre, p\u00e4dagogische Aufsicht der Gruppe, Begleitperson f\u00fcr Schwergesch\u00e4digte mit Ausweis \u2013 gratis<\/p>\n<p>[\/vc_column_text][\/vc_column][\/vc_row]<\/p>\n","protected":false},"excerpt":{"rendered":"<p>[vc_row][vc_column][vc_column_text]\u00d6ffnungszeiten im \u0160t\u011bp\u00e1nek-Netolick\u00fd-Haus November \u2013 M\u00e4rz, Mittwoch bis Sonntag 10:00 bis 12:00 und 13:00 bis 16:00 Uhr April und Oktober, Mittwoch bis Sonntag 10:00 bis 12:00 und 13:00 bis 17:00 Uhr Mai und September, Montag bis Samstag 10:00 bis 12:00 Uhr und 13:00 bis 17:00 Uhr Juni &#8211; August, Montag bis Samstag 10:00 bis 17:00 [&hellip;]<\/p>\n","protected":false},"author":1,"featured_media":0,"parent":0,"menu_order":8,"comment_status":"closed","ping_status":"closed","template":"","meta":[],"yoast_head":"<!-- This site is optimized with the Yoast SEO plugin v15.5 - https:\/\/yoast.com\/wordpress\/plugins\/seo\/ -->\n<meta name=\"robots\" content=\"index, follow, max-snippet:-1, max-image-preview:large, max-video-preview:-1\" \/>\n<link rel=\"canonical\" href=\"https:\/\/www.dumstepankanetolickeho.cz\/de\/oeffnungszeiten\/\" \/>\n<meta property=\"og:locale\" content=\"de_DE\" \/>\n<meta property=\"og:type\" content=\"article\" \/>\n<meta property=\"og:title\" content=\"\u00d6ffnungszeiten | D\u016fm \u0160t\u011bp\u00e1nka Netolick\u00e9ho\" \/>\n<meta property=\"og:description\" content=\"[vc_row][vc_column][vc_column_text]\u00d6ffnungszeiten im \u0160t\u011bp\u00e1nek-Netolick\u00fd-Haus November \u2013 M\u00e4rz, Mittwoch bis Sonntag 10:00 bis 12:00 und 13:00 bis 16:00 Uhr April und Oktober, Mittwoch bis Sonntag 10:00 bis 12:00 und 13:00 bis 17:00 Uhr Mai und September, Montag bis Samstag 10:00 bis 12:00 Uhr und 13:00 bis 17:00 Uhr Juni &#8211; August, Montag bis Samstag 10:00 bis 17:00 [&hellip;]\" \/>\n<meta property=\"og:url\" content=\"https:\/\/www.dumstepankanetolickeho.cz\/de\/oeffnungszeiten\/\" \/>\n<meta property=\"og:site_name\" content=\"D\u016fm \u0160t\u011bp\u00e1nka Netolick\u00e9ho\" \/>\n<meta property=\"article:modified_time\" content=\"2022-11-25T13:27:54+00:00\" \/>\n<meta name=\"twitter:card\" content=\"summary\" \/>\n<meta name=\"twitter:label1\" content=\"Gesch\u00e4tzte Lesezeit\">\n\t<meta name=\"twitter:data1\" content=\"1\u00a0Minute\">\n<script type=\"application\/ld+json\" class=\"yoast-schema-graph\">{\"@context\":\"https:\/\/schema.org\",\"@graph\":[{\"@type\":\"WebSite\",\"@id\":\"https:\/\/www.dumstepankanetolickeho.cz\/#website\",\"url\":\"https:\/\/www.dumstepankanetolickeho.cz\/\",\"name\":\"D\\u016fm \\u0160t\\u011bp\\u00e1nka Netolick\\u00e9ho\",\"description\":\"Centrum T\\u0159ebo\\u0148sk\\u00e9ho rybn\\u00edk\\u00e1\\u0159sk\\u00e9ho d\\u011bdictv\\u00ed v dom\\u011b \\u0160t\\u011bp\\u00e1nka Netolick\\u00e9ho[:en]Dal\\u0161\\u00ed web pou\\u017e\\u00edvaj\\u00edc\\u00ed WordPress\",\"potentialAction\":[{\"@type\":\"SearchAction\",\"target\":\"https:\/\/www.dumstepankanetolickeho.cz\/?s={search_term_string}\",\"query-input\":\"required name=search_term_string\"}],\"inLanguage\":\"de\"},{\"@type\":\"WebPage\",\"@id\":\"https:\/\/www.dumstepankanetolickeho.cz\/de\/oeffnungszeiten\/#webpage\",\"url\":\"https:\/\/www.dumstepankanetolickeho.cz\/de\/oeffnungszeiten\/\",\"name\":\"\\u00d6ffnungszeiten | D\\u016fm \\u0160t\\u011bp\\u00e1nka Netolick\\u00e9ho\",\"isPartOf\":{\"@id\":\"https:\/\/www.dumstepankanetolickeho.cz\/#website\"},\"datePublished\":\"2017-10-22T09:51:36+00:00\",\"dateModified\":\"2022-11-25T13:27:54+00:00\",\"inLanguage\":\"de\",\"potentialAction\":[{\"@type\":\"ReadAction\",\"target\":[\"https:\/\/www.dumstepankanetolickeho.cz\/de\/oeffnungszeiten\/\"]}]}]}<\/script>\n<!-- \/ Yoast SEO plugin. -->","_links":{"self":[{"href":"https:\/\/www.dumstepankanetolickeho.cz\/de\/wp-json\/wp\/v2\/pages\/2746"}],"collection":[{"href":"https:\/\/www.dumstepankanetolickeho.cz\/de\/wp-json\/wp\/v2\/pages"}],"about":[{"href":"https:\/\/www.dumstepankanetolickeho.cz\/de\/wp-json\/wp\/v2\/types\/page"}],"author":[{"embeddable":true,"href":"https:\/\/www.dumstepankanetolickeho.cz\/de\/wp-json\/wp\/v2\/users\/1"}],"replies":[{"embeddable":true,"href":"https:\/\/www.dumstepankanetolickeho.cz\/de\/wp-json\/wp\/v2\/comments?post=2746"}],"version-history":[{"count":4,"href":"https:\/\/www.dumstepankanetolickeho.cz\/de\/wp-json\/wp\/v2\/pages\/2746\/revisions"}],"predecessor-version":[{"id":3847,"href":"https:\/\/www.dumstepankanetolickeho.cz\/de\/wp-json\/wp\/v2\/pages\/2746\/revisions\/3847"}],"wp:attachment":[{"href":"https:\/\/www.dumstepankanetolickeho.cz\/de\/wp-json\/wp\/v2\/media?parent=2746"}],"curies":[{"name":"wp","href":"https:\/\/api.w.org\/{rel}","templated":true}]}}